{"id":79,"date":"2026-04-18T08:58:38","date_gmt":"2026-04-18T11:58:38","guid":{"rendered":"https:\/\/aloalagoas.com.br\/?page_id=79"},"modified":"2026-05-29T11:22:38","modified_gmt":"2026-05-29T14:22:38","slug":"home","status":"publish","type":"page","link":"https:\/\/aloalagoas.com.br\/","title":{"rendered":"Home"},"content":{"rendered":"\t\t<div data-elementor-type=\"wp-page\" data-elementor-id=\"79\" class=\"elementor elementor-79\" data-elementor-post-type=\"page\">\n\t\t\t\t<div class=\"elementor-element elementor-element-de1a607 e-flex e-con-boxed e-con e-parent\" data-id=\"de1a607\" data-element_type=\"container\" data-e-type=\"container\" data-settings=\"{&quot;background_background&quot;:&quot;classic&quot;,&quot;jet_parallax_layout_list&quot;:[]}\">\n\t\t\t\t\t<div class=\"e-con-inner\">\n\t\t<div class=\"elementor-element elementor-element-6afd3fa e-con-full e-flex e-con e-child\" data-id=\"6afd3fa\" data-element_type=\"container\" data-e-type=\"container\" data-settings=\"{&quot;jet_parallax_layout_list&quot;:[]}\">\n\t\t\t\t<div class=\"elementor-element elementor-element-ebdabab elementor-widget__width-initial elementor-widget elementor-widget-jet-posts\" data-id=\"ebdabab\" data-element_type=\"widget\" data-e-type=\"widget\" data-settings=\"{&quot;columns&quot;:&quot;1&quot;}\" data-widget_type=\"jet-posts.default\">\n\t\t\t\t<div class=\"elementor-widget-container\">\n\t\t\t\t\t<div class=\"elementor-jet-posts jet-elements\"><div class=\"jet-posts col-row disable-cols-gap\"><div class=\"jet-posts__item\">\n\t<div class=\"jet-posts__inner-box\"><div class=\"post-thumbnail\"><a href=\"https:\/\/aloalagoas.com.br\/?p=504\" class=\"post-thumbnail__link\"><img loading=\"lazy\" decoding=\"async\" class=\"post-thumbnail__img wp-post-image\" src=\"https:\/\/aloalagoas.com.br\/wp-content\/uploads\/2026\/09\/img_1821.jpeg\" alt=\"Lula sanciona lei que amplia atendimento a urg\u00eancias cardiovasculares nas UPAs\" loading=\"lazy\" width=\"678\" height=\"452\"><\/a><\/div><div class=\"jet-posts__inner-content\"><h4 class=\"entry-title\"><a href=\"https:\/\/aloalagoas.com.br\/?p=504\" target=\"\">Lula sanciona lei que amplia atendimento a urg\u00eancias cardiovasculares nas UPAs<\/a><\/h4><div class=\"jet-more-wrap\"><a href=\"https:\/\/aloalagoas.com.br\/?p=504\" class=\"btn btn-primary elementor-button elementor-size-md jet-more\" target=\"\"><span class=\"btn__text\">Leia Mais<\/span><\/a><\/div><\/div><\/div>\n<\/div>\n<\/div>\n<\/div>\t\t\t\t<\/div>\n\t\t\t\t<\/div>\n\t\t\t\t<\/div>\n\t\t<div class=\"elementor-element elementor-element-7a60f1f e-con-full elementor-hidden-mobile e-flex e-con e-child\" data-id=\"7a60f1f\" data-element_type=\"container\" data-e-type=\"container\" data-settings=\"{&quot;jet_parallax_layout_list&quot;:[],&quot;background_background&quot;:&quot;classic&quot;}\">\n\t\t\t\t<div class=\"elementor-element elementor-element-20c3f06 elementor-widget elementor-widget-heading\" data-id=\"20c3f06\" data-element_type=\"widget\" data-e-type=\"widget\" data-widget_type=\"heading.default\">\n\t\t\t\t\t<h2 class=\"elementor-heading-title elementor-size-default\">Ultimas Not\u00edcias<\/h2>\t\t\t\t<\/div>\n\t\t\t\t<div class=\"elementor-element elementor-element-a27a642 elementor-widget elementor-widget-jet-posts\" data-id=\"a27a642\" data-element_type=\"widget\" data-e-type=\"widget\" data-settings=\"{&quot;columns&quot;:&quot;2&quot;,&quot;slides_to_scroll&quot;:&quot;1&quot;}\" data-widget_type=\"jet-posts.default\">\n\t\t\t\t<div class=\"elementor-widget-container\">\n\t\t\t\t\t<div class=\"elementor-jet-posts jet-elements\"><div class=\"jet-posts col-row \"><div class=\"jet-posts__item\">\n\t<div class=\"jet-posts__inner-box\"><div class=\"post-thumbnail\"><a href=\"https:\/\/aloalagoas.com.br\/?p=501\" class=\"post-thumbnail__link\"><img loading=\"lazy\" decoding=\"async\" class=\"post-thumbnail__img wp-post-image\" src=\"https:\/\/aloalagoas.com.br\/wp-content\/uploads\/2026\/09\/c74571d9fe7a553dc94577b5392b1796841-150x150.webp\" alt=\"Ministros do STF ignoram crise envolvendo Moraes em primeira sess\u00e3o ap\u00f3s revela\u00e7\u00e3o de relat\u00f3rio com mensagens de Vorcaro\" loading=\"lazy\" width=\"150\" height=\"150\"><\/a><\/div><div class=\"jet-posts__inner-content\"><h5 class=\"entry-title\"><a href=\"https:\/\/aloalagoas.com.br\/?p=501\" target=\"\">Ministros do STF ignoram crise envolvendo Moraes em...<\/a><\/h5><\/div><\/div>\n<\/div>\n<div class=\"jet-posts__item\">\n\t<div class=\"jet-posts__inner-box\"><div class=\"post-thumbnail\"><a href=\"https:\/\/aloalagoas.com.br\/?p=498\" class=\"post-thumbnail__link\"><img loading=\"lazy\" decoding=\"async\" class=\"post-thumbnail__img wp-post-image\" src=\"https:\/\/aloalagoas.com.br\/wp-content\/uploads\/2026\/09\/63d223dd92072752465ae0cdb486ee5326e-150x150.webp\" alt=\"Dark Horse: PGR fecha acordo de dela\u00e7\u00e3o com empres\u00e1rio ligado a fundo nos EUA\" loading=\"lazy\" width=\"150\" height=\"150\"><\/a><\/div><div class=\"jet-posts__inner-content\"><h5 class=\"entry-title\"><a href=\"https:\/\/aloalagoas.com.br\/?p=498\" target=\"\">Dark Horse: PGR fecha acordo de dela\u00e7\u00e3o com...<\/a><\/h5><\/div><\/div>\n<\/div>\n<div class=\"jet-posts__item\">\n\t<div class=\"jet-posts__inner-box\"><div class=\"post-thumbnail\"><a href=\"https:\/\/aloalagoas.com.br\/?p=495\" class=\"post-thumbnail__link\"><img loading=\"lazy\" decoding=\"async\" class=\"post-thumbnail__img wp-post-image\" src=\"https:\/\/aloalagoas.com.br\/wp-content\/uploads\/2026\/09\/5b52546514b0f4f790a5f1683cea7f71044-150x150.webp\" alt=\"Abertura do Jornal Nacional que cita Moraes ganha repercuss\u00e3o e provoca debate\" loading=\"lazy\" width=\"150\" height=\"150\"><\/a><\/div><div class=\"jet-posts__inner-content\"><h5 class=\"entry-title\"><a href=\"https:\/\/aloalagoas.com.br\/?p=495\" target=\"\">Abertura do Jornal Nacional que cita Moraes ganha...<\/a><\/h5><\/div><\/div>\n<\/div>\n<div class=\"jet-posts__item\">\n\t<div class=\"jet-posts__inner-box\"><div class=\"post-thumbnail\"><a href=\"https:\/\/aloalagoas.com.br\/?p=492\" class=\"post-thumbnail__link\"><img loading=\"lazy\" decoding=\"async\" class=\"post-thumbnail__img wp-post-image\" src=\"https:\/\/aloalagoas.com.br\/wp-content\/uploads\/2026\/09\/ee6bfe4983760d68fbaee2c2ac92d343a3e-150x150.webp\" alt=\"Nikolas mira Moraes e cobra explica\u00e7\u00f5es ap\u00f3s revela\u00e7\u00f5es sobre Vorcaro e o Banco Master\" loading=\"lazy\" width=\"150\" height=\"150\"><\/a><\/div><div class=\"jet-posts__inner-content\"><h5 class=\"entry-title\"><a href=\"https:\/\/aloalagoas.com.br\/?p=492\" target=\"\">Nikolas mira Moraes e cobra explica\u00e7\u00f5es ap\u00f3s revela\u00e7\u00f5es...<\/a><\/h5><\/div><\/div>\n<\/div>\n<div class=\"jet-posts__item\">\n\t<div class=\"jet-posts__inner-box\"><div class=\"post-thumbnail\"><a href=\"https:\/\/aloalagoas.com.br\/?p=489\" class=\"post-thumbnail__link\"><img loading=\"lazy\" decoding=\"async\" class=\"post-thumbnail__img wp-post-image\" src=\"https:\/\/aloalagoas.com.br\/wp-content\/uploads\/2026\/08\/65a5a01999a85ee276c3ba7c52620b6eb20-150x150.webp\" alt=\"Alagoas tem 3.221.128 habitantes em 2026, diz estimativa do IBGE\" loading=\"lazy\" width=\"150\" height=\"150\"><\/a><\/div><div class=\"jet-posts__inner-content\"><h5 class=\"entry-title\"><a href=\"https:\/\/aloalagoas.com.br\/?p=489\" target=\"\">Alagoas tem 3.221.128 habitantes em 2026, diz estimativa...<\/a><\/h5><\/div><\/div>\n<\/div>\n<div class=\"jet-posts__item\">\n\t<div class=\"jet-posts__inner-box\"><div class=\"post-thumbnail\"><a href=\"https:\/\/aloalagoas.com.br\/?p=487\" class=\"post-thumbnail__link\"><img loading=\"lazy\" decoding=\"async\" class=\"post-thumbnail__img wp-post-image\" src=\"https:\/\/aloalagoas.com.br\/wp-content\/uploads\/2026\/08\/c7c1b7d5b2d535a47cb0e3df0c0f2b11df1-e1787934176682-150x150.webp\" alt=\"Fl\u00e1vio critica Lula ap\u00f3s sabatina no JN:\u201d s\u00f3 falta ele falar que o Lulinha n\u00e3o \u00e9 filho dele\u201d\" loading=\"lazy\" width=\"150\" height=\"150\"><\/a><\/div><div class=\"jet-posts__inner-content\"><h5 class=\"entry-title\"><a href=\"https:\/\/aloalagoas.com.br\/?p=487\" target=\"\">Fl\u00e1vio critica Lula ap\u00f3s sabatina no JN:\u201d s\u00f3...<\/a><\/h5><\/div><\/div>\n<\/div>\n<\/div>\n<\/div>\t\t\t\t<\/div>\n\t\t\t\t<\/div>\n\t\t\t\t<\/div>\n\t\t\t\t\t<\/div>\n\t\t\t\t<\/div>\n\t\t\t\t<section class=\"elementor-section elementor-top-section elementor-element elementor-element-45a38a4f elementor-section-boxed elementor-section-height-default elementor-section-height-default\" data-id=\"45a38a4f\" data-element_type=\"section\" data-e-type=\"section\" data-settings=\"{&quot;jet_parallax_layout_list&quot;:[],&quot;background_background&quot;:&quot;classic&quot;}\">\n\t\t\t\t\t\t<div class=\"elementor-container elementor-column-gap-default\">\n\t\t\t\t\t<div class=\"elementor-column elementor-col-50 elementor-top-column elementor-element elementor-element-4e0c4fb9 animated-slow elementor-invisible\" data-id=\"4e0c4fb9\" data-element_type=\"column\" data-e-type=\"column\" data-settings=\"{&quot;motion_fx_motion_fx_scrolling&quot;:&quot;yes&quot;,&quot;animation&quot;:&quot;slideInLeft&quot;,&quot;motion_fx_devices&quot;:[&quot;desktop&quot;,&quot;tablet&quot;,&quot;mobile&quot;]}\">\n\t\t\t<div class=\"elementor-widget-wrap elementor-element-populated\">\n\t\t\t\t\t\t<section class=\"elementor-section elementor-inner-section elementor-element elementor-element-592f08d elementor-section-boxed elementor-section-height-default elementor-section-height-default\" data-id=\"592f08d\" data-element_type=\"section\" data-e-type=\"section\" data-settings=\"{&quot;jet_parallax_layout_list&quot;:[]}\">\n\t\t\t\t\t\t<div class=\"elementor-container elementor-column-gap-no\">\n\t\t\t\t\t<div class=\"elementor-column elementor-col-100 elementor-inner-column elementor-element elementor-element-43f9ccc2\" data-id=\"43f9ccc2\" data-element_type=\"column\" data-e-type=\"column\">\n\t\t\t<div class=\"elementor-widget-wrap elementor-element-populated\">\n\t\t\t\t\t\t<div class=\"elementor-element elementor-element-4c35c491 elementor-widget__width-auto elementor-widget elementor-widget-heading\" data-id=\"4c35c491\" data-element_type=\"widget\" data-e-type=\"widget\" data-widget_type=\"heading.default\">\n\t\t\t\t\t<span class=\"elementor-heading-title elementor-size-default\">\/\/ \u00daltimas Not\u00edcias<\/span>\t\t\t\t<\/div>\n\t\t\t\t<div class=\"elementor-element elementor-element-5c2c422b elementor-widget-divider--view-line elementor-widget elementor-widget-divider\" data-id=\"5c2c422b\" data-element_type=\"widget\" data-e-type=\"widget\" data-widget_type=\"divider.default\">\n\t\t\t\t\t\t\t<div class=\"elementor-divider\">\n\t\t\t<span class=\"elementor-divider-separator\">\n\t\t\t\t\t\t<\/span>\n\t\t<\/div>\n\t\t\t\t\t\t<\/div>\n\t\t\t\t<div class=\"elementor-element elementor-element-78e5011b elementor-grid-2 elementor-grid-tablet-2 elementor-grid-mobile-1 elementor-posts--thumbnail-top elementor-posts__hover-gradient elementor-widget elementor-widget-posts\" data-id=\"78e5011b\" data-element_type=\"widget\" data-e-type=\"widget\" data-settings=\"{&quot;cards_columns&quot;:&quot;2&quot;,&quot;cards_columns_tablet&quot;:&quot;2&quot;,&quot;cards_columns_mobile&quot;:&quot;1&quot;,&quot;cards_row_gap&quot;:{&quot;unit&quot;:&quot;px&quot;,&quot;size&quot;:35,&quot;sizes&quot;:[]},&quot;cards_row_gap_tablet&quot;:{&quot;unit&quot;:&quot;px&quot;,&quot;size&quot;:&quot;&quot;,&quot;sizes&quot;:[]},&quot;cards_row_gap_mobile&quot;:{&quot;unit&quot;:&quot;px&quot;,&quot;size&quot;:&quot;&quot;,&quot;sizes&quot;:[]}}\" data-widget_type=\"posts.cards\">\n\t\t\t\t<div class=\"elementor-widget-container\">\n\t\t\t\t\t\t\t<div class=\"elementor-posts-container elementor-posts elementor-posts--skin-cards elementor-grid\" role=\"list\">\n\t\t\t\t<article class=\"elementor-post elementor-grid-item post-489 post type-post status-publish format-standard has-post-thumbnail hentry category-alagoas category-destaque\" role=\"listitem\">\n\t\t\t<div class=\"elementor-post__card\">\n\t\t\t\t<a class=\"elementor-post__thumbnail__link\" href=\"https:\/\/aloalagoas.com.br\/?p=489\" tabindex=\"-1\" ><div class=\"elementor-post__thumbnail\"><img decoding=\"async\" width=\"300\" height=\"160\" src=\"https:\/\/aloalagoas.com.br\/wp-content\/uploads\/2026\/08\/65a5a01999a85ee276c3ba7c52620b6eb20-300x160.webp\" class=\"attachment-medium size-medium wp-image-490\" alt=\"\" srcset=\"https:\/\/aloalagoas.com.br\/wp-content\/uploads\/2026\/08\/65a5a01999a85ee276c3ba7c52620b6eb20-300x160.webp 300w, https:\/\/aloalagoas.com.br\/wp-content\/uploads\/2026\/08\/65a5a01999a85ee276c3ba7c52620b6eb20-768x410.webp 768w, https:\/\/aloalagoas.com.br\/wp-content\/uploads\/2026\/08\/65a5a01999a85ee276c3ba7c52620b6eb20.webp 786w\" sizes=\"(max-width: 300px) 100vw, 300px\" \/><\/div><\/a>\n\t\t\t\t<div class=\"elementor-post__badge\">Alagoas<\/div>\n\t\t\t\t<div class=\"elementor-post__text\">\n\t\t\t\t<h3 class=\"elementor-post__title\">\n\t\t\t<a href=\"https:\/\/aloalagoas.com.br\/?p=489\" >\n\t\t\t\tAlagoas tem 3.221.128 habitantes em 2026, diz estimativa do IBGE\t\t\t<\/a>\n\t\t<\/h3>\n\t\t\t\t<div class=\"elementor-post__excerpt\">\n\t\t\t<p>Uma estimativa divulgada pelo IBGE nesta sexta (28) aponta que Alagoas chegou a 3.221.128 habitantes em<\/p>\n\t\t<\/div>\n\t\t\t\t<\/div>\n\t\t\t\t<div class=\"elementor-post__meta-data\">\n\t\t\t\t\t<span class=\"elementor-post-date\">\n\t\t\t28 de agosto de 2026\t\t<\/span>\n\t\t\t\t<\/div>\n\t\t\t\t\t<\/div>\n\t\t<\/article>\n\t\t\t\t<article class=\"elementor-post elementor-grid-item post-487 post type-post status-publish format-standard has-post-thumbnail hentry category-destaque category-politica\" role=\"listitem\">\n\t\t\t<div class=\"elementor-post__card\">\n\t\t\t\t<a class=\"elementor-post__thumbnail__link\" href=\"https:\/\/aloalagoas.com.br\/?p=487\" tabindex=\"-1\" ><div class=\"elementor-post__thumbnail\"><img fetchpriority=\"high\" decoding=\"async\" width=\"262\" height=\"300\" src=\"https:\/\/aloalagoas.com.br\/wp-content\/uploads\/2026\/08\/c7c1b7d5b2d535a47cb0e3df0c0f2b11df1-e1787934176682-262x300.webp\" class=\"attachment-medium size-medium wp-image-447\" alt=\"\" srcset=\"https:\/\/aloalagoas.com.br\/wp-content\/uploads\/2026\/08\/c7c1b7d5b2d535a47cb0e3df0c0f2b11df1-e1787934176682-262x300.webp 262w, https:\/\/aloalagoas.com.br\/wp-content\/uploads\/2026\/08\/c7c1b7d5b2d535a47cb0e3df0c0f2b11df1-e1787934176682.webp 367w\" sizes=\"(max-width: 262px) 100vw, 262px\" \/><\/div><\/a>\n\t\t\t\t<div class=\"elementor-post__badge\">Destaque<\/div>\n\t\t\t\t<div class=\"elementor-post__text\">\n\t\t\t\t<h3 class=\"elementor-post__title\">\n\t\t\t<a href=\"https:\/\/aloalagoas.com.br\/?p=487\" >\n\t\t\t\tFl\u00e1vio critica Lula ap\u00f3s sabatina no JN:\u201d s\u00f3 falta ele falar que o Lulinha n\u00e3o \u00e9 filho dele\u201d\t\t\t<\/a>\n\t\t<\/h3>\n\t\t\t\t<div class=\"elementor-post__excerpt\">\n\t\t\t<p>O senador Fl\u00e1vio Bolsonaro (PL) criticou o presidente Luiz In\u00e1cio Lula da Silva nesta sexta-feira (28),<\/p>\n\t\t<\/div>\n\t\t\t\t<\/div>\n\t\t\t\t<div class=\"elementor-post__meta-data\">\n\t\t\t\t\t<span class=\"elementor-post-date\">\n\t\t\t28 de agosto de 2026\t\t<\/span>\n\t\t\t\t<\/div>\n\t\t\t\t\t<\/div>\n\t\t<\/article>\n\t\t\t\t<article class=\"elementor-post elementor-grid-item post-484 post type-post status-publish format-standard has-post-thumbnail hentry category-destaque category-politica\" role=\"listitem\">\n\t\t\t<div class=\"elementor-post__card\">\n\t\t\t\t<a class=\"elementor-post__thumbnail__link\" href=\"https:\/\/aloalagoas.com.br\/?p=484\" tabindex=\"-1\" ><div class=\"elementor-post__thumbnail\"><img decoding=\"async\" width=\"300\" height=\"169\" src=\"https:\/\/aloalagoas.com.br\/wp-content\/uploads\/2026\/08\/f8cb52539e83f8283309e7ba24c63ce653b-300x169.webp\" class=\"attachment-medium size-medium wp-image-485\" alt=\"\" srcset=\"https:\/\/aloalagoas.com.br\/wp-content\/uploads\/2026\/08\/f8cb52539e83f8283309e7ba24c63ce653b-300x169.webp 300w, https:\/\/aloalagoas.com.br\/wp-content\/uploads\/2026\/08\/f8cb52539e83f8283309e7ba24c63ce653b-768x432.webp 768w, https:\/\/aloalagoas.com.br\/wp-content\/uploads\/2026\/08\/f8cb52539e83f8283309e7ba24c63ce653b.webp 984w\" sizes=\"(max-width: 300px) 100vw, 300px\" \/><\/div><\/a>\n\t\t\t\t<div class=\"elementor-post__badge\">Destaque<\/div>\n\t\t\t\t<div class=\"elementor-post__text\">\n\t\t\t\t<h3 class=\"elementor-post__title\">\n\t\t\t<a href=\"https:\/\/aloalagoas.com.br\/?p=484\" >\n\t\t\t\tRenan Santos acusa Jornal Nacional de &#8216;pegar leve&#8217; com Lula e o desafia para debate: &#8220;n\u00e3o fugir\u00e1 de mim&#8221;\t\t\t<\/a>\n\t\t<\/h3>\n\t\t\t\t<div class=\"elementor-post__excerpt\">\n\t\t\t<p>O candidato \u00e0 Presid\u00eancia pela Miss\u00e3o, Renan Santos, criticou a condu\u00e7\u00e3o da sabatina de Luiz In\u00e1cio<\/p>\n\t\t<\/div>\n\t\t\t\t<\/div>\n\t\t\t\t<div class=\"elementor-post__meta-data\">\n\t\t\t\t\t<span class=\"elementor-post-date\">\n\t\t\t28 de agosto de 2026\t\t<\/span>\n\t\t\t\t<\/div>\n\t\t\t\t\t<\/div>\n\t\t<\/article>\n\t\t\t\t<article class=\"elementor-post elementor-grid-item post-481 post type-post status-publish format-standard has-post-thumbnail hentry category-alagoas category-destaque\" role=\"listitem\">\n\t\t\t<div class=\"elementor-post__card\">\n\t\t\t\t<a class=\"elementor-post__thumbnail__link\" href=\"https:\/\/aloalagoas.com.br\/?p=481\" tabindex=\"-1\" ><div class=\"elementor-post__thumbnail\"><img loading=\"lazy\" decoding=\"async\" width=\"300\" height=\"200\" src=\"https:\/\/aloalagoas.com.br\/wp-content\/uploads\/2026\/08\/d2edf56a-4807-4415-a0f9-3a0586c8b501-1536x1024-1-300x200.jpeg\" class=\"attachment-medium size-medium wp-image-482\" alt=\"\" srcset=\"https:\/\/aloalagoas.com.br\/wp-content\/uploads\/2026\/08\/d2edf56a-4807-4415-a0f9-3a0586c8b501-1536x1024-1-300x200.jpeg 300w, https:\/\/aloalagoas.com.br\/wp-content\/uploads\/2026\/08\/d2edf56a-4807-4415-a0f9-3a0586c8b501-1536x1024-1-1024x683.jpeg 1024w, https:\/\/aloalagoas.com.br\/wp-content\/uploads\/2026\/08\/d2edf56a-4807-4415-a0f9-3a0586c8b501-1536x1024-1-768x512.jpeg 768w, https:\/\/aloalagoas.com.br\/wp-content\/uploads\/2026\/08\/d2edf56a-4807-4415-a0f9-3a0586c8b501-1536x1024-1.jpeg 1536w\" sizes=\"(max-width: 300px) 100vw, 300px\" \/><\/div><\/a>\n\t\t\t\t<div class=\"elementor-post__badge\">Alagoas<\/div>\n\t\t\t\t<div class=\"elementor-post__text\">\n\t\t\t\t<h3 class=\"elementor-post__title\">\n\t\t\t<a href=\"https:\/\/aloalagoas.com.br\/?p=481\" >\n\t\t\t\tRui Palmeira re\u00fane 4 mil pessoas no Benedito Bentes e lan\u00e7a candidatura a deputado federal\t\t\t<\/a>\n\t\t<\/h3>\n\t\t\t\t<div class=\"elementor-post__excerpt\">\n\t\t\t<p>Ao lado de Renan Filho e Renan Calheiros, Rui fez uma grande carreata e encerrou a<\/p>\n\t\t<\/div>\n\t\t\t\t<\/div>\n\t\t\t\t<div class=\"elementor-post__meta-data\">\n\t\t\t\t\t<span class=\"elementor-post-date\">\n\t\t\t28 de agosto de 2026\t\t<\/span>\n\t\t\t\t<\/div>\n\t\t\t\t\t<\/div>\n\t\t<\/article>\n\t\t\t\t<\/div>\n\t\t\n\t\t\t\t\t\t<\/div>\n\t\t\t\t<\/div>\n\t\t\t\t\t<\/div>\n\t\t<\/div>\n\t\t\t\t\t<\/div>\n\t\t<\/section>\n\t\t\t\t\t<\/div>\n\t\t<\/div>\n\t\t\t\t<div class=\"elementor-column elementor-col-50 elementor-top-column elementor-element elementor-element-40986ca0 animated-slow elementor-invisible\" data-id=\"40986ca0\" data-element_type=\"column\" data-e-type=\"column\" data-settings=\"{&quot;motion_fx_devices&quot;:[&quot;desktop&quot;,&quot;tablet&quot;],&quot;motion_fx_motion_fx_scrolling&quot;:&quot;yes&quot;,&quot;animation&quot;:&quot;slideInRight&quot;}\">\n\t\t\t<div class=\"elementor-widget-wrap elementor-element-populated\">\n\t\t\t\t\t\t<section class=\"elementor-section elementor-inner-section elementor-element elementor-element-1926aaa0 elementor-section-boxed elementor-section-height-default elementor-section-height-default\" data-id=\"1926aaa0\" data-element_type=\"section\" data-e-type=\"section\" data-settings=\"{&quot;jet_parallax_layout_list&quot;:[]}\">\n\t\t\t\t\t\t<div class=\"elementor-container elementor-column-gap-no\">\n\t\t\t\t\t<div class=\"elementor-column elementor-col-100 elementor-inner-column elementor-element elementor-element-4d0ca8b2\" data-id=\"4d0ca8b2\" data-element_type=\"column\" data-e-type=\"column\">\n\t\t\t<div class=\"elementor-widget-wrap elementor-element-populated\">\n\t\t\t\t\t\t<div class=\"elementor-element elementor-element-5138d654 elementor-widget__width-auto elementor-widget elementor-widget-heading\" data-id=\"5138d654\" data-element_type=\"widget\" data-e-type=\"widget\" data-widget_type=\"heading.default\">\n\t\t\t\t\t<span class=\"elementor-heading-title elementor-size-default\">Mais Lidas<\/span>\t\t\t\t<\/div>\n\t\t\t\t<div class=\"elementor-element elementor-element-6ab9e092 elementor-widget-divider--view-line elementor-widget elementor-widget-divider\" data-id=\"6ab9e092\" data-element_type=\"widget\" data-e-type=\"widget\" data-widget_type=\"divider.default\">\n\t\t\t\t\t\t\t<div class=\"elementor-divider\">\n\t\t\t<span class=\"elementor-divider-separator\">\n\t\t\t\t\t\t<\/span>\n\t\t<\/div>\n\t\t\t\t\t\t<\/div>\n\t\t\t\t\t<\/div>\n\t\t<\/div>\n\t\t\t\t\t<\/div>\n\t\t<\/section>\n\t\t\t\t<section class=\"elementor-section elementor-inner-section elementor-element elementor-element-746ffb7f elementor-section-boxed elementor-section-height-default elementor-section-height-default\" data-id=\"746ffb7f\" data-element_type=\"section\" data-e-type=\"section\" data-settings=\"{&quot;jet_parallax_layout_list&quot;:[]}\">\n\t\t\t\t\t\t<div class=\"elementor-container elementor-column-gap-no\">\n\t\t\t\t\t<div class=\"elementor-column elementor-col-100 elementor-inner-column elementor-element elementor-element-294b5d6\" data-id=\"294b5d6\" data-element_type=\"column\" data-e-type=\"column\">\n\t\t\t<div class=\"elementor-widget-wrap elementor-element-populated\">\n\t\t\t\t<div class=\"elementor-element elementor-element-a6a5e47 e-flex e-con-boxed e-con e-parent\" data-id=\"a6a5e47\" data-element_type=\"container\" data-e-type=\"container\" data-settings=\"{&quot;jet_parallax_layout_list&quot;:[]}\">\n\t\t\t\t\t<div class=\"e-con-inner\">\n\t\t\t\t<div class=\"elementor-element elementor-element-43cae53 elementor-grid-1 elementor-posts--thumbnail-left elementor-grid-tablet-2 elementor-grid-mobile-1 elementor-widget elementor-widget-posts\" data-id=\"43cae53\" data-element_type=\"widget\" data-e-type=\"widget\" data-settings=\"{&quot;classic_columns&quot;:&quot;1&quot;,&quot;classic_row_gap&quot;:{&quot;unit&quot;:&quot;px&quot;,&quot;size&quot;:10,&quot;sizes&quot;:[]},&quot;classic_columns_tablet&quot;:&quot;2&quot;,&quot;classic_columns_mobile&quot;:&quot;1&quot;,&quot;classic_row_gap_tablet&quot;:{&quot;unit&quot;:&quot;px&quot;,&quot;size&quot;:&quot;&quot;,&quot;sizes&quot;:[]},&quot;classic_row_gap_mobile&quot;:{&quot;unit&quot;:&quot;px&quot;,&quot;size&quot;:&quot;&quot;,&quot;sizes&quot;:[]}}\" data-widget_type=\"posts.classic\">\n\t\t\t\t<div class=\"elementor-widget-container\">\n\t\t\t\t\t\t\t<div class=\"elementor-posts-container elementor-posts elementor-posts--skin-classic elementor-grid\" role=\"list\">\n\t\t\t\t<article class=\"elementor-post elementor-grid-item post-130 post type-post status-publish format-standard has-post-thumbnail hentry category-municipios\" role=\"listitem\">\n\t\t\t\t<a class=\"elementor-post__thumbnail__link\" href=\"https:\/\/aloalagoas.com.br\/?p=130\" tabindex=\"-1\" >\n\t\t\t<div class=\"elementor-post__thumbnail\"><img loading=\"lazy\" decoding=\"async\" width=\"300\" height=\"237\" src=\"https:\/\/aloalagoas.com.br\/wp-content\/uploads\/2026\/04\/img_0276-2-300x237.jpg\" class=\"attachment-medium size-medium wp-image-131\" alt=\"\" srcset=\"https:\/\/aloalagoas.com.br\/wp-content\/uploads\/2026\/04\/img_0276-2-300x237.jpg 300w, https:\/\/aloalagoas.com.br\/wp-content\/uploads\/2026\/04\/img_0276-2-1024x810.jpg 1024w, https:\/\/aloalagoas.com.br\/wp-content\/uploads\/2026\/04\/img_0276-2-768x608.jpg 768w, https:\/\/aloalagoas.com.br\/wp-content\/uploads\/2026\/04\/img_0276-2.jpg 1063w\" sizes=\"(max-width: 300px) 100vw, 300px\" \/><\/div>\n\t\t<\/a>\n\t\t\t\t<div class=\"elementor-post__text\">\n\t\t\t\t<h3 class=\"elementor-post__title\">\n\t\t\t<a href=\"https:\/\/aloalagoas.com.br\/?p=130\" >\n\t\t\t\tPrefeita Pauline Pereira alcan\u00e7a 91% de aprova\u00e7\u00e3o em Campo Alegre, segundo Instituto Apice\t\t\t<\/a>\n\t\t<\/h3>\n\t\t\t\t<div class=\"elementor-post__meta-data\">\n\t\t\t\t\t<span class=\"elementor-post-date\">\n\t\t\t18 de abril de 2026\t\t<\/span>\n\t\t\t\t<\/div>\n\t\t\t\t<\/div>\n\t\t\t\t<\/article>\n\t\t\t\t<article class=\"elementor-post elementor-grid-item post-237 post type-post status-publish format-standard has-post-thumbnail hentry category-alagoas\" role=\"listitem\">\n\t\t\t\t<a class=\"elementor-post__thumbnail__link\" href=\"https:\/\/aloalagoas.com.br\/?p=237\" tabindex=\"-1\" >\n\t\t\t<div class=\"elementor-post__thumbnail\"><img loading=\"lazy\" decoding=\"async\" width=\"300\" height=\"165\" src=\"https:\/\/aloalagoas.com.br\/wp-content\/uploads\/2026\/04\/img_1156-1-300x165.jpeg\" class=\"attachment-medium size-medium wp-image-238\" alt=\"\" srcset=\"https:\/\/aloalagoas.com.br\/wp-content\/uploads\/2026\/04\/img_1156-1-300x165.jpeg 300w, https:\/\/aloalagoas.com.br\/wp-content\/uploads\/2026\/04\/img_1156-1.jpeg 582w\" sizes=\"(max-width: 300px) 100vw, 300px\" \/><\/div>\n\t\t<\/a>\n\t\t\t\t<div class=\"elementor-post__text\">\n\t\t\t\t<h3 class=\"elementor-post__title\">\n\t\t\t<a href=\"https:\/\/aloalagoas.com.br\/?p=237\" >\n\t\t\t\tPrefeito Rodrigo Cunha amplia inclus\u00e3o nas escolas com material de comunica\u00e7\u00e3o alternativa e mais 1000 profissionais de Apoio\t\t\t<\/a>\n\t\t<\/h3>\n\t\t\t\t<div class=\"elementor-post__meta-data\">\n\t\t\t\t\t<span class=\"elementor-post-date\">\n\t\t\t20 de abril de 2026\t\t<\/span>\n\t\t\t\t<\/div>\n\t\t\t\t<\/div>\n\t\t\t\t<\/article>\n\t\t\t\t<article class=\"elementor-post elementor-grid-item post-423 post type-post status-publish format-standard has-post-thumbnail hentry category-destaque category-maceio\" role=\"listitem\">\n\t\t\t\t<a class=\"elementor-post__thumbnail__link\" href=\"https:\/\/aloalagoas.com.br\/?p=423\" tabindex=\"-1\" >\n\t\t\t<div class=\"elementor-post__thumbnail\"><img loading=\"lazy\" decoding=\"async\" width=\"300\" height=\"160\" src=\"https:\/\/aloalagoas.com.br\/wp-content\/uploads\/2026\/05\/2b54def6b78869ff49cf06f470803f59bee-3-300x160.webp\" class=\"attachment-medium size-medium wp-image-424\" alt=\"\" srcset=\"https:\/\/aloalagoas.com.br\/wp-content\/uploads\/2026\/05\/2b54def6b78869ff49cf06f470803f59bee-3-300x160.webp 300w, https:\/\/aloalagoas.com.br\/wp-content\/uploads\/2026\/05\/2b54def6b78869ff49cf06f470803f59bee-3-768x410.webp 768w, https:\/\/aloalagoas.com.br\/wp-content\/uploads\/2026\/05\/2b54def6b78869ff49cf06f470803f59bee-3.webp 786w\" sizes=\"(max-width: 300px) 100vw, 300px\" \/><\/div>\n\t\t<\/a>\n\t\t\t\t<div class=\"elementor-post__text\">\n\t\t\t\t<h3 class=\"elementor-post__title\">\n\t\t\t<a href=\"https:\/\/aloalagoas.com.br\/?p=423\" >\n\t\t\t\tNordeste lidera vendas nacionais das operadoras Braztoa em 2025; EUA e Europa puxam inter\t\t\t<\/a>\n\t\t<\/h3>\n\t\t\t\t<div class=\"elementor-post__meta-data\">\n\t\t\t\t\t<span class=\"elementor-post-date\">\n\t\t\t30 de maio de 2026\t\t<\/span>\n\t\t\t\t<\/div>\n\t\t\t\t<\/div>\n\t\t\t\t<\/article>\n\t\t\t\t<article class=\"elementor-post elementor-grid-item post-148 post type-post status-publish format-standard has-post-thumbnail hentry category-sem-categoria\" role=\"listitem\">\n\t\t\t\t<a class=\"elementor-post__thumbnail__link\" href=\"https:\/\/aloalagoas.com.br\/?p=148\" tabindex=\"-1\" >\n\t\t\t<div class=\"elementor-post__thumbnail\"><img loading=\"lazy\" decoding=\"async\" width=\"300\" height=\"180\" src=\"https:\/\/aloalagoas.com.br\/wp-content\/uploads\/2026\/04\/carro-300x180.png\" class=\"attachment-medium size-medium wp-image-149\" alt=\"\" srcset=\"https:\/\/aloalagoas.com.br\/wp-content\/uploads\/2026\/04\/carro-300x180.png 300w, https:\/\/aloalagoas.com.br\/wp-content\/uploads\/2026\/04\/carro-768x461.png 768w, https:\/\/aloalagoas.com.br\/wp-content\/uploads\/2026\/04\/carro.png 888w\" sizes=\"(max-width: 300px) 100vw, 300px\" \/><\/div>\n\t\t<\/a>\n\t\t\t\t<div class=\"elementor-post__text\">\n\t\t\t\t<h3 class=\"elementor-post__title\">\n\t\t\t<a href=\"https:\/\/aloalagoas.com.br\/?p=148\" >\n\t\t\t\tBYD e7 \u00e9 bom? Veja pre\u00e7o, autonomia e tecnologias do carro el\u00e9trico\t\t\t<\/a>\n\t\t<\/h3>\n\t\t\t\t<div class=\"elementor-post__meta-data\">\n\t\t\t\t\t<span class=\"elementor-post-date\">\n\t\t\t18 de abril de 2026\t\t<\/span>\n\t\t\t\t<\/div>\n\t\t\t\t<\/div>\n\t\t\t\t<\/article>\n\t\t\t\t<\/div>\n\t\t\n\t\t\t\t\t\t<\/div>\n\t\t\t\t<\/div>\n\t\t\t\t\t<\/div>\n\t\t\t\t<\/div>\n\t\t\t\t<div class=\"elementor-element elementor-element-4dda2014 elementor-widget elementor-widget-image\" data-id=\"4dda2014\" data-element_type=\"widget\" data-e-type=\"widget\" data-widget_type=\"image.default\">\n\t\t\t\t\t\t\t\t\t\t\t\t\t\t\t<img loading=\"lazy\" decoding=\"async\" width=\"300\" height=\"250\" src=\"https:\/\/aloalagoas.com.br\/wp-content\/uploads\/2026\/04\/300x250-banner-ad.png\" class=\"attachment-large size-large wp-image-210\" alt=\"\" \/>\t\t\t\t\t\t\t\t\t\t\t\t\t\t\t<\/div>\n\t\t\t\t\t<\/div>\n\t\t<\/div>\n\t\t\t\t\t<\/div>\n\t\t<\/section>\n\t\t\t\t<section class=\"elementor-section elementor-inner-section elementor-element elementor-element-10464c9 elementor-section-boxed elementor-section-height-default elementor-section-height-default\" data-id=\"10464c9\" data-element_type=\"section\" data-e-type=\"section\" data-settings=\"{&quot;jet_parallax_layout_list&quot;:[]}\">\n\t\t\t\t\t\t<div class=\"elementor-container elementor-column-gap-no\">\n\t\t\t\t\t<div class=\"elementor-column elementor-col-100 elementor-inner-column elementor-element elementor-element-2a4ed9a\" data-id=\"2a4ed9a\" data-element_type=\"column\" data-e-type=\"column\">\n\t\t\t<div class=\"elementor-widget-wrap elementor-element-populated\">\n\t\t\t\t\t\t<div class=\"elementor-element elementor-element-a3321f0 elementor-widget elementor-widget-image\" data-id=\"a3321f0\" data-element_type=\"widget\" data-e-type=\"widget\" data-widget_type=\"image.default\">\n\t\t\t\t\t\t\t\t\t\t\t\t\t\t\t<img loading=\"lazy\" decoding=\"async\" width=\"300\" height=\"250\" src=\"https:\/\/aloalagoas.com.br\/wp-content\/uploads\/2026\/04\/300x250-banner-ad.png\" class=\"attachment-large size-large wp-image-210\" alt=\"\" \/>\t\t\t\t\t\t\t\t\t\t\t\t\t\t\t<\/div>\n\t\t\t\t\t<\/div>\n\t\t<\/div>\n\t\t\t\t\t<\/div>\n\t\t<\/section>\n\t\t\t\t\t<\/div>\n\t\t<\/div>\n\t\t\t\t\t<\/div>\n\t\t<\/section>\n\t\t\t\t<section class=\"elementor-section elementor-top-section elementor-element elementor-element-f7e853a elementor-section-boxed elementor-section-height-default elementor-section-height-default\" data-id=\"f7e853a\" data-element_type=\"section\" data-e-type=\"section\" data-settings=\"{&quot;background_background&quot;:&quot;classic&quot;,&quot;jet_parallax_layout_list&quot;:[]}\">\n\t\t\t\t\t\t\t<div class=\"elementor-background-overlay\"><\/div>\n\t\t\t\t\t\t\t<div class=\"elementor-container elementor-column-gap-default\">\n\t\t\t\t\t<div class=\"elementor-column elementor-col-100 elementor-top-column elementor-element elementor-element-6aec74dd\" data-id=\"6aec74dd\" data-element_type=\"column\" data-e-type=\"column\">\n\t\t\t<div class=\"elementor-widget-wrap elementor-element-populated\">\n\t\t\t\t\t\t<div class=\"elementor-element elementor-element-8487dd5 elementor-widget elementor-widget-heading\" data-id=\"8487dd5\" data-element_type=\"widget\" data-e-type=\"widget\" data-widget_type=\"heading.default\">\n\t\t\t\t\t<h2 class=\"elementor-heading-title elementor-size-default\">\/\/ Macei\u00f3<\/h2>\t\t\t\t<\/div>\n\t\t\t\t<div class=\"elementor-element elementor-element-15953a2 elementor-widget elementor-widget-jet-posts\" data-id=\"15953a2\" data-element_type=\"widget\" data-e-type=\"widget\" data-settings=\"{&quot;columns&quot;:3,&quot;slides_to_scroll&quot;:&quot;1&quot;}\" data-widget_type=\"jet-posts.default\">\n\t\t\t\t<div class=\"elementor-widget-container\">\n\t\t\t\t\t<div class=\"elementor-jet-posts jet-elements\"><div class=\"jet-posts col-row \"><div class=\"jet-posts__item\">\n\t<div class=\"jet-posts__inner-box\"><div class=\"post-thumbnail\"><a href=\"https:\/\/aloalagoas.com.br\/?p=456\" class=\"post-thumbnail__link\"><img loading=\"lazy\" decoding=\"async\" class=\"post-thumbnail__img wp-post-image\" src=\"https:\/\/aloalagoas.com.br\/wp-content\/uploads\/2026\/08\/018712080066093d698420bf5ff362f87bf.webp\" alt=\"Braskem pede recupera\u00e7\u00e3o extrajudicial em meio a crise bilion\u00e1ria e press\u00e3o de credores\" loading=\"lazy\" width=\"786\" height=\"420\"><\/a><\/div><div class=\"jet-posts__inner-content\"><div class=\"entry-excerpt\">A Braskem entrou com pedido de recupera\u00e7\u00e3o extrajudicial na Justi\u00e7a de S\u00e3o&hellip;<\/div><div class=\"jet-more-wrap\"><a href=\"https:\/\/aloalagoas.com.br\/?p=456\" class=\"btn btn-primary elementor-button elementor-size-md jet-more\" target=\"\"><span class=\"btn__text\">Leia mais<\/span><\/a><\/div><\/div><\/div>\n<\/div>\n<div class=\"jet-posts__item\">\n\t<div class=\"jet-posts__inner-box\"><div class=\"post-thumbnail\"><a href=\"https:\/\/aloalagoas.com.br\/?p=423\" class=\"post-thumbnail__link\"><img loading=\"lazy\" decoding=\"async\" class=\"post-thumbnail__img wp-post-image\" src=\"https:\/\/aloalagoas.com.br\/wp-content\/uploads\/2026\/05\/2b54def6b78869ff49cf06f470803f59bee-3.webp\" alt=\"Nordeste lidera vendas nacionais das operadoras Braztoa em 2025; EUA e Europa puxam inter\" loading=\"lazy\" width=\"786\" height=\"420\"><\/a><\/div><div class=\"jet-posts__inner-content\"><div class=\"entry-excerpt\">As\u00a0vendas das operadoras Braztoa em 2025consolidaram uma tend\u00eancia j\u00e1 observada nos \u00faltimos&hellip;<\/div><div class=\"jet-more-wrap\"><a href=\"https:\/\/aloalagoas.com.br\/?p=423\" class=\"btn btn-primary elementor-button elementor-size-md jet-more\" target=\"\"><span class=\"btn__text\">Leia mais<\/span><\/a><\/div><\/div><\/div>\n<\/div>\n<div class=\"jet-posts__item\">\n\t<div class=\"jet-posts__inner-box\"><div class=\"post-thumbnail\"><a href=\"https:\/\/aloalagoas.com.br\/?p=127\" class=\"post-thumbnail__link\"><img loading=\"lazy\" decoding=\"async\" class=\"post-thumbnail__img wp-post-image\" src=\"https:\/\/aloalagoas.com.br\/wp-content\/uploads\/2026\/04\/img_0905.jpeg\" alt=\"HC PET: Macei\u00f3 anuncia novo hospital veterin\u00e1rio\" loading=\"lazy\" width=\"1179\" height=\"798\"><\/a><\/div><div class=\"jet-posts__inner-content\"><div class=\"entry-excerpt\">A cidade de&nbsp;Macei\u00f3&nbsp;vai ganhar um novo equipamento voltado \u00e0 causa animal. A&hellip;<\/div><div class=\"jet-more-wrap\"><a href=\"https:\/\/aloalagoas.com.br\/?p=127\" class=\"btn btn-primary elementor-button elementor-size-md jet-more\" target=\"\"><span class=\"btn__text\">Leia mais<\/span><\/a><\/div><\/div><\/div>\n<\/div>\n<\/div>\n<\/div>\t\t\t\t<\/div>\n\t\t\t\t<\/div>\n\t\t\t\t\t<\/div>\n\t\t<\/div>\n\t\t\t\t\t<\/div>\n\t\t<\/section>\n\t\t\t\t<section class=\"elementor-section elementor-top-section elementor-element elementor-element-81d9e05 elementor-section-boxed elementor-section-height-default elementor-section-height-default\" data-id=\"81d9e05\" data-element_type=\"section\" data-e-type=\"section\" data-settings=\"{&quot;background_background&quot;:&quot;classic&quot;,&quot;jet_parallax_layout_list&quot;:[]}\">\n\t\t\t\t\t\t<div class=\"elementor-container elementor-column-gap-default\">\n\t\t\t\t\t<div class=\"elementor-column elementor-col-100 elementor-top-column elementor-element elementor-element-42eeb1b5\" data-id=\"42eeb1b5\" data-element_type=\"column\" data-e-type=\"column\">\n\t\t\t<div class=\"elementor-widget-wrap elementor-element-populated\">\n\t\t\t\t\t\t<div class=\"elementor-element elementor-element-78e30cc9 elementor-widget elementor-widget-image\" data-id=\"78e30cc9\" data-element_type=\"widget\" data-e-type=\"widget\" data-widget_type=\"image.default\">\n\t\t\t\t\t\t\t\t\t\t\t\t\t\t\t<img loading=\"lazy\" decoding=\"async\" width=\"728\" height=\"90\" src=\"https:\/\/aloalagoas.com.br\/wp-content\/uploads\/2026\/04\/728x90.gif\" class=\"attachment-large size-large wp-image-117\" alt=\"\" \/>\t\t\t\t\t\t\t\t\t\t\t\t\t\t\t<\/div>\n\t\t\t\t\t<\/div>\n\t\t<\/div>\n\t\t\t\t\t<\/div>\n\t\t<\/section>\n\t\t\t\t<section class=\"elementor-section elementor-top-section elementor-element elementor-element-737ea4ce elementor-section-boxed elementor-section-height-default elementor-section-height-default\" data-id=\"737ea4ce\" data-element_type=\"section\" data-e-type=\"section\" data-settings=\"{&quot;jet_parallax_layout_list&quot;:[],&quot;background_background&quot;:&quot;classic&quot;}\">\n\t\t\t\t\t\t<div class=\"elementor-container elementor-column-gap-default\">\n\t\t\t\t\t<div class=\"elementor-column elementor-col-33 elementor-top-column elementor-element elementor-element-6c67befc\" data-id=\"6c67befc\" data-element_type=\"column\" data-e-type=\"column\">\n\t\t\t<div class=\"elementor-widget-wrap elementor-element-populated\">\n\t\t\t\t\t\t<section class=\"elementor-section elementor-inner-section elementor-element elementor-element-3316fc05 elementor-section-boxed elementor-section-height-default elementor-section-height-default\" data-id=\"3316fc05\" data-element_type=\"section\" data-e-type=\"section\" data-settings=\"{&quot;jet_parallax_layout_list&quot;:[]}\">\n\t\t\t\t\t\t<div class=\"elementor-container elementor-column-gap-no\">\n\t\t\t\t\t<div class=\"elementor-column elementor-col-100 elementor-inner-column elementor-element elementor-element-6450438a\" data-id=\"6450438a\" data-element_type=\"column\" data-e-type=\"column\">\n\t\t\t<div class=\"elementor-widget-wrap elementor-element-populated\">\n\t\t\t\t\t\t<div class=\"elementor-element elementor-element-389a1bb4 elementor-widget__width-auto elementor-widget elementor-widget-heading\" data-id=\"389a1bb4\" data-element_type=\"widget\" data-e-type=\"widget\" data-widget_type=\"heading.default\">\n\t\t\t\t\t<span class=\"elementor-heading-title elementor-size-default\">\/\/ Sa\u00fade<\/span>\t\t\t\t<\/div>\n\t\t\t\t<div class=\"elementor-element elementor-element-7d69073a elementor-widget-divider--view-line elementor-widget elementor-widget-divider\" data-id=\"7d69073a\" data-element_type=\"widget\" data-e-type=\"widget\" data-widget_type=\"divider.default\">\n\t\t\t\t\t\t\t<div class=\"elementor-divider\">\n\t\t\t<span class=\"elementor-divider-separator\">\n\t\t\t\t\t\t<\/span>\n\t\t<\/div>\n\t\t\t\t\t\t<\/div>\n\t\t\t\t\t<\/div>\n\t\t<\/div>\n\t\t\t\t\t<\/div>\n\t\t<\/section>\n\t\t\t\t<section class=\"elementor-section elementor-inner-section elementor-element elementor-element-69a198c2 elementor-section-boxed elementor-section-height-default elementor-section-height-default\" data-id=\"69a198c2\" data-element_type=\"section\" data-e-type=\"section\" data-settings=\"{&quot;jet_parallax_layout_list&quot;:[]}\">\n\t\t\t\t\t\t<div class=\"elementor-container elementor-column-gap-no\">\n\t\t\t\t\t<div class=\"elementor-column elementor-col-100 elementor-inner-column elementor-element elementor-element-16fbc5f2\" data-id=\"16fbc5f2\" data-element_type=\"column\" data-e-type=\"column\">\n\t\t\t<div class=\"elementor-widget-wrap elementor-element-populated\">\n\t\t\t\t\t\t<div class=\"elementor-element elementor-element-2df85ac elementor-widget elementor-widget-jet-posts\" data-id=\"2df85ac\" data-element_type=\"widget\" data-e-type=\"widget\" data-settings=\"{&quot;columns&quot;:&quot;1&quot;}\" data-widget_type=\"jet-posts.default\">\n\t\t\t\t<div class=\"elementor-widget-container\">\n\t\t\t\t\t<div class=\"elementor-jet-posts jet-elements\"><div class=\"jet-posts col-row \"><div class=\"jet-posts__item\">\n\t<div class=\"jet-posts__inner-box\"><div class=\"post-thumbnail\"><a href=\"https:\/\/aloalagoas.com.br\/?p=417\" class=\"post-thumbnail__link\"><img loading=\"lazy\" decoding=\"async\" class=\"post-thumbnail__img wp-post-image\" src=\"https:\/\/aloalagoas.com.br\/wp-content\/uploads\/2026\/05\/2b54def6b78869ff49cf06f470803f59bee-1.webp\" alt=\"Ap\u00f3s mortes e riscos graves, CFM pro\u00edbe uso de PMMA em procedimentos est\u00e9ticos no Brasil\" loading=\"lazy\" width=\"786\" height=\"420\"><\/a><\/div><div class=\"jet-posts__inner-content\"><h4 class=\"entry-title\"><a href=\"https:\/\/aloalagoas.com.br\/?p=417\" target=\"\">Ap\u00f3s mortes e riscos graves, CFM pro\u00edbe uso de PMMA em procedimentos est\u00e9ticos no Brasil<\/a><\/h4><div class=\"post-meta\"><span class=\"post__date post-meta__item\"><a href=\"https:\/\/aloalagoas.com.br\/?m=20260530\"  class=\"post__date-link\" ><time datetime=\"2026-05-30T08:19:12-03:00\" title=\"2026-05-30T08:19:12-03:00\">30 de maio de 2026<\/time><\/a><\/span><\/div><div class=\"entry-excerpt\">O Conselho Federal de Medicina (CFM) decidiu proibir o uso do PMMA (polimetilmetacrilato) em procedimentos est\u00e9ticos e reparadores em todo&hellip;<\/div><div class=\"jet-more-wrap\"><a href=\"https:\/\/aloalagoas.com.br\/?p=417\" class=\"btn btn-primary elementor-button elementor-size-md jet-more\" target=\"\"><span class=\"btn__text\">Leia Mais<\/span><\/a><\/div><\/div><\/div>\n<\/div>\n<\/div>\n<\/div>\t\t\t\t<\/div>\n\t\t\t\t<\/div>\n\t\t\t\t\t<\/div>\n\t\t<\/div>\n\t\t\t\t\t<\/div>\n\t\t<\/section>\n\t\t\t\t\t<\/div>\n\t\t<\/div>\n\t\t\t\t<div class=\"elementor-column elementor-col-33 elementor-top-column elementor-element elementor-element-5777c193\" data-id=\"5777c193\" data-element_type=\"column\" data-e-type=\"column\">\n\t\t\t<div class=\"elementor-widget-wrap elementor-element-populated\">\n\t\t\t\t\t\t<section class=\"elementor-section elementor-inner-section elementor-element elementor-element-6d6d7ba7 elementor-section-boxed elementor-section-height-default elementor-section-height-default\" data-id=\"6d6d7ba7\" data-element_type=\"section\" data-e-type=\"section\" data-settings=\"{&quot;jet_parallax_layout_list&quot;:[]}\">\n\t\t\t\t\t\t<div class=\"elementor-container elementor-column-gap-no\">\n\t\t\t\t\t<div class=\"elementor-column elementor-col-100 elementor-inner-column elementor-element elementor-element-6b409ffd\" data-id=\"6b409ffd\" data-element_type=\"column\" data-e-type=\"column\">\n\t\t\t<div class=\"elementor-widget-wrap elementor-element-populated\">\n\t\t\t\t\t\t<div class=\"elementor-element elementor-element-1d86d030 elementor-widget__width-auto elementor-widget elementor-widget-heading\" data-id=\"1d86d030\" data-element_type=\"widget\" data-e-type=\"widget\" data-widget_type=\"heading.default\">\n\t\t\t\t\t<span class=\"elementor-heading-title elementor-size-default\">\/\/ Munic\u00edpios<\/span>\t\t\t\t<\/div>\n\t\t\t\t<div class=\"elementor-element elementor-element-57a50926 elementor-widget-divider--view-line elementor-widget elementor-widget-divider\" data-id=\"57a50926\" data-element_type=\"widget\" data-e-type=\"widget\" data-widget_type=\"divider.default\">\n\t\t\t\t\t\t\t<div class=\"elementor-divider\">\n\t\t\t<span class=\"elementor-divider-separator\">\n\t\t\t\t\t\t<\/span>\n\t\t<\/div>\n\t\t\t\t\t\t<\/div>\n\t\t\t\t\t<\/div>\n\t\t<\/div>\n\t\t\t\t\t<\/div>\n\t\t<\/section>\n\t\t\t\t<section class=\"elementor-section elementor-inner-section elementor-element elementor-element-325507cc elementor-section-boxed elementor-section-height-default elementor-section-height-default\" data-id=\"325507cc\" data-element_type=\"section\" data-e-type=\"section\" data-settings=\"{&quot;jet_parallax_layout_list&quot;:[]}\">\n\t\t\t\t\t\t<div class=\"elementor-container elementor-column-gap-no\">\n\t\t\t\t\t<div class=\"elementor-column elementor-col-100 elementor-inner-column elementor-element elementor-element-2f094ca5\" data-id=\"2f094ca5\" data-element_type=\"column\" data-e-type=\"column\">\n\t\t\t<div class=\"elementor-widget-wrap elementor-element-populated\">\n\t\t\t\t\t\t<div class=\"elementor-element elementor-element-6c577ad elementor-widget elementor-widget-jet-posts\" data-id=\"6c577ad\" data-element_type=\"widget\" data-e-type=\"widget\" data-settings=\"{&quot;columns&quot;:&quot;1&quot;}\" data-widget_type=\"jet-posts.default\">\n\t\t\t\t<div class=\"elementor-widget-container\">\n\t\t\t\t\t<div class=\"elementor-jet-posts jet-elements\"><div class=\"jet-posts col-row \"><div class=\"jet-posts__item\">\n\t<div class=\"jet-posts__inner-box\"><div class=\"post-thumbnail\"><a href=\"https:\/\/aloalagoas.com.br\/?p=130\" class=\"post-thumbnail__link\"><img loading=\"lazy\" decoding=\"async\" class=\"post-thumbnail__img wp-post-image\" src=\"https:\/\/aloalagoas.com.br\/wp-content\/uploads\/2026\/04\/img_0276-2.jpg\" alt=\"Prefeita Pauline Pereira alcan\u00e7a 91% de aprova\u00e7\u00e3o em Campo Alegre, segundo Instituto Apice\" loading=\"lazy\" width=\"1063\" height=\"841\"><\/a><\/div><div class=\"jet-posts__inner-content\"><h4 class=\"entry-title\"><a href=\"https:\/\/aloalagoas.com.br\/?p=130\" target=\"\">Prefeita Pauline Pereira alcan\u00e7a 91% de aprova\u00e7\u00e3o em Campo Alegre, segundo Instituto Apice<\/a><\/h4><div class=\"post-meta\"><span class=\"posted-by post-meta__item\">Posted by <a href=\"https:\/\/aloalagoas.com.br\/?author=1\"  class=\"posted-by__author\" rel=\"author\">inhame<\/a><\/span><span class=\"post__date post-meta__item\"><a href=\"https:\/\/aloalagoas.com.br\/?m=20260418\"  class=\"post__date-link\" ><time datetime=\"2026-04-18T09:44:02-03:00\" title=\"2026-04-18T09:44:02-03:00\">18 de abril de 2026<\/time><\/a><\/span><span class=\"post__comments post-meta__item\">Comments: <a href=\"https:\/\/aloalagoas.com.br\/?p=130#respond\"  class=\"post__comments-link\">0<\/a><\/span><\/div><div class=\"entry-excerpt\">Uma pesquisa de opini\u00e3o p\u00fablica realizada em Campo Alegre\/AL, nos dias 10 e 11 de mar\u00e7o de 2026, apontou alta&hellip;<\/div><div class=\"jet-more-wrap\"><a href=\"https:\/\/aloalagoas.com.br\/?p=130\" class=\"btn btn-primary elementor-button elementor-size-md jet-more\" target=\"\"><span class=\"btn__text\">Leia Mais<\/span><\/a><\/div><\/div><\/div>\n<\/div>\n<\/div>\n<\/div>\t\t\t\t<\/div>\n\t\t\t\t<\/div>\n\t\t\t\t\t<\/div>\n\t\t<\/div>\n\t\t\t\t\t<\/div>\n\t\t<\/section>\n\t\t\t\t\t<\/div>\n\t\t<\/div>\n\t\t\t\t<div class=\"elementor-column elementor-col-33 elementor-top-column elementor-element elementor-element-83ffdd8\" data-id=\"83ffdd8\" data-element_type=\"column\" data-e-type=\"column\">\n\t\t\t<div class=\"elementor-widget-wrap elementor-element-populated\">\n\t\t\t\t\t\t<section class=\"elementor-section elementor-inner-section elementor-element elementor-element-cc3ad9a elementor-section-boxed elementor-section-height-default elementor-section-height-default\" data-id=\"cc3ad9a\" data-element_type=\"section\" data-e-type=\"section\" data-settings=\"{&quot;jet_parallax_layout_list&quot;:[]}\">\n\t\t\t\t\t\t<div class=\"elementor-container elementor-column-gap-no\">\n\t\t\t\t\t<div class=\"elementor-column elementor-col-100 elementor-inner-column elementor-element elementor-element-1e6ea1f\" data-id=\"1e6ea1f\" data-element_type=\"column\" data-e-type=\"column\">\n\t\t\t<div class=\"elementor-widget-wrap elementor-element-populated\">\n\t\t\t\t\t\t<div class=\"elementor-element elementor-element-29a8bfd elementor-widget__width-auto elementor-widget elementor-widget-heading\" data-id=\"29a8bfd\" data-element_type=\"widget\" data-e-type=\"widget\" data-widget_type=\"heading.default\">\n\t\t\t\t\t<span class=\"elementor-heading-title elementor-size-default\">\/\/ Alagoas<\/span>\t\t\t\t<\/div>\n\t\t\t\t<div class=\"elementor-element elementor-element-c5b8c99 elementor-widget-divider--view-line elementor-widget elementor-widget-divider\" data-id=\"c5b8c99\" data-element_type=\"widget\" data-e-type=\"widget\" data-widget_type=\"divider.default\">\n\t\t\t\t\t\t\t<div class=\"elementor-divider\">\n\t\t\t<span class=\"elementor-divider-separator\">\n\t\t\t\t\t\t<\/span>\n\t\t<\/div>\n\t\t\t\t\t\t<\/div>\n\t\t\t\t\t<\/div>\n\t\t<\/div>\n\t\t\t\t\t<\/div>\n\t\t<\/section>\n\t\t\t\t<section class=\"elementor-section elementor-inner-section elementor-element elementor-element-544eec8 elementor-section-boxed elementor-section-height-default elementor-section-height-default\" data-id=\"544eec8\" data-element_type=\"section\" data-e-type=\"section\" data-settings=\"{&quot;jet_parallax_layout_list&quot;:[]}\">\n\t\t\t\t\t\t<div class=\"elementor-container elementor-column-gap-no\">\n\t\t\t\t\t<div class=\"elementor-column elementor-col-100 elementor-inner-column elementor-element elementor-element-cfa73d8\" data-id=\"cfa73d8\" data-element_type=\"column\" data-e-type=\"column\">\n\t\t\t<div class=\"elementor-widget-wrap elementor-element-populated\">\n\t\t\t\t\t\t<div class=\"elementor-element elementor-element-9881c0a elementor-widget elementor-widget-jet-posts\" data-id=\"9881c0a\" data-element_type=\"widget\" data-e-type=\"widget\" data-settings=\"{&quot;columns&quot;:&quot;1&quot;}\" data-widget_type=\"jet-posts.default\">\n\t\t\t\t<div class=\"elementor-widget-container\">\n\t\t\t\t\t<div class=\"elementor-jet-posts jet-elements\"><div class=\"jet-posts col-row \"><div class=\"jet-posts__item\">\n\t<div class=\"jet-posts__inner-box\"><div class=\"post-thumbnail\"><a href=\"https:\/\/aloalagoas.com.br\/?p=489\" class=\"post-thumbnail__link\"><img loading=\"lazy\" decoding=\"async\" class=\"post-thumbnail__img wp-post-image\" src=\"https:\/\/aloalagoas.com.br\/wp-content\/uploads\/2026\/08\/65a5a01999a85ee276c3ba7c52620b6eb20.webp\" alt=\"Alagoas tem 3.221.128 habitantes em 2026, diz estimativa do IBGE\" loading=\"lazy\" width=\"786\" height=\"420\"><\/a><\/div><div class=\"jet-posts__inner-content\"><h4 class=\"entry-title\"><a href=\"https:\/\/aloalagoas.com.br\/?p=489\" target=\"\">Alagoas tem 3.221.128 habitantes em 2026, diz estimativa do IBGE<\/a><\/h4><div class=\"post-meta\"><span class=\"posted-by post-meta__item\">Posted by <a href=\"https:\/\/aloalagoas.com.br\/?author=2\"  class=\"posted-by__author\" rel=\"author\">Alo Alagoas<\/a><\/span><span class=\"post__date post-meta__item\"><a href=\"https:\/\/aloalagoas.com.br\/?m=20260828\"  class=\"post__date-link\" ><time datetime=\"2026-08-28T13:26:24-03:00\" title=\"2026-08-28T13:26:24-03:00\">28 de agosto de 2026<\/time><\/a><\/span><span class=\"post__comments post-meta__item\">Comments: <a href=\"https:\/\/aloalagoas.com.br\/?p=489#respond\"  class=\"post__comments-link\">0<\/a><\/span><\/div><div class=\"entry-excerpt\">Uma estimativa divulgada pelo IBGE nesta sexta (28) aponta que Alagoas chegou a 3.221.128 habitantes em 2026. O levantamento considera&hellip;<\/div><div class=\"jet-more-wrap\"><a href=\"https:\/\/aloalagoas.com.br\/?p=489\" class=\"btn btn-primary elementor-button elementor-size-md jet-more\" target=\"\"><span class=\"btn__text\">Leia Mais<\/span><\/a><\/div><\/div><\/div>\n<\/div>\n<\/div>\n<\/div>\t\t\t\t<\/div>\n\t\t\t\t<\/div>\n\t\t\t\t\t<\/div>\n\t\t<\/div>\n\t\t\t\t\t<\/div>\n\t\t<\/section>\n\t\t\t\t\t<\/div>\n\t\t<\/div>\n\t\t\t\t\t<\/div>\n\t\t<\/section>\n\t\t\t\t<\/div>\n\t\t","protected":false},"excerpt":{"rendered":"<p>Prefeito Rodrigo Cunha amplia inclus\u00e3o nas escolas com material de comunica\u00e7\u00e3o alternativa e mais 1000 profissionais de Apoio Leia Mais Ultimas Not\u00edcias Guerra no Oriente<\/p>\n","protected":false},"author":1,"featured_media":0,"parent":0,"menu_order":0,"comment_status":"closed","ping_status":"closed","template":"elementor_header_footer","meta":{"footnotes":""},"class_list":["post-79","page","type-page","status-publish","hentry"],"_links":{"self":[{"href":"https:\/\/aloalagoas.com.br\/index.php?rest_route=\/wp\/v2\/pages\/79","targetHints":{"allow":["GET"]}}],"collection":[{"href":"https:\/\/aloalagoas.com.br\/index.php?rest_route=\/wp\/v2\/pages"}],"about":[{"href":"https:\/\/aloalagoas.com.br\/index.php?rest_route=\/wp\/v2\/types\/page"}],"author":[{"embeddable":true,"href":"https:\/\/aloalagoas.com.br\/index.php?rest_route=\/wp\/v2\/users\/1"}],"replies":[{"embeddable":true,"href":"https:\/\/aloalagoas.com.br\/index.php?rest_route=%2Fwp%2Fv2%2Fcomments&post=79"}],"version-history":[{"count":85,"href":"https:\/\/aloalagoas.com.br\/index.php?rest_route=\/wp\/v2\/pages\/79\/revisions"}],"predecessor-version":[{"id":390,"href":"https:\/\/aloalagoas.com.br\/index.php?rest_route=\/wp\/v2\/pages\/79\/revisions\/390"}],"wp:attachment":[{"href":"https:\/\/aloalagoas.com.br\/index.php?rest_route=%2Fwp%2Fv2%2Fmedia&parent=79"}],"curies":[{"name":"wp","href":"https:\/\/api.w.org\/{rel}","templated":true}]}}